{"id":1767,"date":"2014-01-28T21:51:36","date_gmt":"2014-01-28T20:51:36","guid":{"rendered":"http:\/\/www.slovakdoublebassclub.com\/?page_id=1767"},"modified":"2015-01-27T17:11:32","modified_gmt":"2015-01-27T16:11:32","slug":"koncerty-bassband","status":"publish","type":"page","link":"https:\/\/www.slovakdoublebassclub.com\/SK\/koncerty-bassband\/","title":{"rendered":"Koncerty Bass Band"},"content":{"rendered":"<h4><a href=\"http:\/\/www.slovakdoublebassclub.com\/wp-content\/uploads\/2014\/01\/IMG_9518.jpg\"><img loading=\"lazy\" decoding=\"async\" class=\"alignnone size-large wp-image-3165\" alt=\"IMG_9518\" src=\"http:\/\/www.slovakdoublebassclub.com\/wp-content\/uploads\/2014\/01\/IMG_9518-1024x682.jpg\" width=\"940\" height=\"626\" srcset=\"https:\/\/www.slovakdoublebassclub.com\/wp-content\/uploads\/2014\/01\/IMG_9518-1024x682.jpg 1024w, https:\/\/www.slovakdoublebassclub.com\/wp-content\/uploads\/2014\/01\/IMG_9518-600x400.jpg 600w, https:\/\/www.slovakdoublebassclub.com\/wp-content\/uploads\/2014\/01\/IMG_9518-300x200.jpg 300w, https:\/\/www.slovakdoublebassclub.com\/wp-content\/uploads\/2014\/01\/IMG_9518.jpg 1200w\" sizes=\"auto, (max-width: 940px) 100vw, 940px\" \/><\/a><\/h4>\n<h4>2015<\/h4>\n<p><strong>marec-april<\/strong> -Koncert BassBand + Babjak-Topol\u010dianska hudobna jar (v jednan\u00ed)<\/p>\n<p><strong>20 &#8211; 24. apr\u00edl\u00a0<\/strong>&#8211;<strong>\u00a0<\/strong>nahr\u00e1vanie nov\u00e9ho CD \/ BassBand \/<\/p>\n<p><strong>25.apr\u00edl &#8211;<\/strong>\u00a0<strong>17:00<\/strong> koncert kaffe\u00a0Schertz, Bratislava<\/p>\n<p><strong>2.m\u00e1j &#8211; 8.30-<\/strong> Ekumenicka om\u0161a -kostol sv.Mikulasa SC<\/p>\n<p><strong>2.m\u00e1j<\/strong>\u00a0<strong>&#8211;<\/strong>\u00a0<strong>19:00<\/strong>.-Musica Perennis Iuventutis + Maria \u010cirov\u00e1<\/p>\n<p><strong>5.m\u00e1j &#8211; 17.00 &#8211; <\/strong>Cirkevn\u00e9 konzervatorium, For You &#8211; Monika Vojtkov\u00e1<\/p>\n<p><strong>7. m\u00e1j\u00a0<\/strong>-koncert Zichyo pal\u00e1c ZU\u0160 Exn\u00e1rova<\/p>\n<p><strong>29.august\u00a0<\/strong>-Musica Perennis Iuventutis &#8211; Ve\u013ek\u00fd Biel &#8211; BassBand<\/p>\n<p><strong>1-5. september\u00a0<\/strong>&#8211; USA TOUR<\/p>\n<p><strong>18. september\u00a0<\/strong>&#8211; Kremnica BassBand +Babjak<\/p>\n<p><strong>28. september<\/strong> &#8211; BASS FEST+2015 Bansk\u00e1 Bystrica, BassBand krst nov\u00e9ho CD, Slovensk\u00fd program<\/p>\n<p><strong>6. november\u00a0<\/strong>-B\u00e1novce (v jednan\u00ed)\u00a0<strong>\u00a0<\/strong>\u201eDis -moi tes amours\u201c- Pocta \u017eene!\u00a0BassBand, R. Roth, S. Szanto<\/p>\n<p><strong>7.\u00a0november<\/strong>\u00a0-Bansk\u00e1 Bystrica\u00a0<strong>\u00a0<\/strong>\u201eDis -moi tes amours\u201c- Pocta \u017eene!\u00a0BassBand,\u00a0R. Roth, S. Szanto<\/p>\n<p><strong>8. november<\/strong> -Senec\u00a0<strong>\u00a0<\/strong>\u201eDis -moi tes amours\u201c- Pocta \u017eene!\u00a0BassBand,\u00a0R. Roth, S. Szanto<\/p>\n<p><strong>10. november<\/strong> -Brno\u00a0<strong>\u00a0<\/strong>\u201eDis -moi tes amours\u201c- Pocta \u017eene!\u00a0BassBand,\u00a0R. Roth, S. Szanto<\/p>\n<p><strong>11. november<\/strong> &#8211; Humenn\u00e9\u00a0<strong>\u00a0<\/strong>\u201eDis -moi tes amours\u201c- Pocta \u017eene!\u00a0BassBand,\u00a0R. Roth, S. Szanto (v jednan\u00ed)<\/p>\n<p><strong>13. december<\/strong> 2015\u00a0Musica Perennis Iuventutis &#8211; Ve\u013ek\u00fd Biel\u00a0<strong>\u00a0<\/strong>\u201eDis -moi tes amours\u201c- Pocta \u017eene!\u00a0BassBand,\u00a0R. Roth, S. Szanto<\/p>\n<p><strong>14-20. december &#8211;<\/strong>\u00a0SCHWEIZ Tour<\/p>\n<p>&nbsp;<\/p>\n<p><a href=\"http:\/\/www.slovakdoublebassclub.com\/wp-content\/uploads\/2014\/01\/IMG_9378.jpg\"><img loading=\"lazy\" decoding=\"async\" class=\"size-full wp-image-3166 aligncenter\" alt=\"IMG_9378\" src=\"http:\/\/www.slovakdoublebassclub.com\/wp-content\/uploads\/2014\/01\/IMG_9378.jpg\" width=\"533\" height=\"800\" srcset=\"https:\/\/www.slovakdoublebassclub.com\/wp-content\/uploads\/2014\/01\/IMG_9378.jpg 533w, https:\/\/www.slovakdoublebassclub.com\/wp-content\/uploads\/2014\/01\/IMG_9378-199x300.jpg 199w\" sizes=\"auto, (max-width: 533px) 100vw, 533px\" \/><\/a><\/p>\n<p>&nbsp;<\/p>\n<h4>2014<\/h4>\n<p><strong>12. febru\u00e1r 19.00<\/strong>\u00a0\u00a0 <a title=\"KONCERTY BASS FEST 2014\" href=\"http:\/\/www.slovakdoublebassclub.com\/koncerty-bass-fest-2014\/\" target=\"_blank\">AU koncertn\u00e1 sie\u0148 \/Bansk\u00e1 Bystrica<\/a><br \/>\n<strong>16. <strong>febru\u00e1r<\/strong>\u00a0o 20.00<\/strong>\u00a0 <a title=\"Koncert v\u00ed\u0165azov medzin\u00e1rodnej kontrabasovej s\u00fa\u0165a\u017ee\" href=\"http:\/\/www.slovakdoublebassclub.com\/koncert-vitazov\/\" target=\"_blank\">MsKs Labyrint \/Senec<\/a><br \/>\n<strong>2. m\u00e1j o 20.00<\/strong>\u00a0 \u00a0 <a title=\"Program Sen\u010dania Sen\u010danom \/ Noc v M\u00fazeu\" href=\"http:\/\/www.slovakdoublebassclub.com\/program-sencania-sencanom-noc-v-muzeu\/\" target=\"_blank\">Mestske muzeum -Tureck\u00fd dom \/Senec<\/a><br \/>\n<strong><strong>3.\u00a0<\/strong>m\u00e1j o 19.00<\/strong>\u00a0 \u00a0\u00a0 <a title=\"Program Sen\u010dania Sen\u010danom \/ Noc v M\u00fazeu\" href=\"http:\/\/www.slovakdoublebassclub.com\/program-sencania-sencanom-noc-v-muzeu\/\" target=\"_blank\">Sen\u010dania Sen\u010danom pred Synagogou \u00a0 \/Senec<\/a><\/p>\n<p><strong>4. m\u00e1j o 18:30<\/strong>\u00a0\u00a0 \u00a0\u00a0<a title=\"Martin Babjak @ Bass Band\" href=\"http:\/\/www.slovakdoublebassclub.com\/martin-babjak-bass-band\/\" target=\"_blank\">kostol sv. Gorazda \/Vrbov\u00e9<\/a><br \/>\n<strong>23. m\u00e1j o 19.00<\/strong>\u00a0 \u00a0<a title=\"Noc kostolov mala pokra\u010dovanie aj v \u010cerven\u00edku\" href=\"http:\/\/www.slovakdoublebassclub.com\/noc-kostolov-mala-pokracovanie-aj-v-cerveniku\/\" target=\"_blank\">\u010cerven\u00edk<\/a><br \/>\n<strong>8. j\u00fan o 10.30<\/strong>\u00a0 \u00a0 \u00a0<a title=\"Nede\u013en\u00e9 matin\u00e9 Bass Band v Mirbachu\" href=\"http:\/\/www.slovakdoublebassclub.com\/nedelne-matine-bass-band-v-mirbachu\/\" target=\"_blank\">Nede\u013en\u00e9 matin\u00e9 v Mirbachovom pal\u00e1ci \/Bratislava<\/a><br \/>\n<strong>8. j\u00fan o 16.00<\/strong>\u00a0 \u00a0 \u00a0<a title=\"Koncert Bass Band v Senci\" href=\"http:\/\/www.slovakdoublebassclub.com\/koncert-bass-band-v-senci\/\" target=\"_blank\">Koncert v kat.kostole sv.Mikul\u00e1\u0161a \/Senec<\/a><br \/>\n<strong>8. j\u00fan o 18.00<\/strong>\u00a0 \u00a0 \u00a0<a title=\"Martin Babjak a  Bass Band vo Ve\u013ekom Bieli\" href=\"http:\/\/www.slovakdoublebassclub.com\/martin-babjak-a-bass-band-vo-velkom-biely\/\" target=\"_blank\">Koncert Ka\u0161itiel \/Ve\u013ek\u00fd Biel<\/a><br \/>\n<strong>20. j\u00fan o 17.30<\/strong>\u00a0 \u00a0<a href=\"http:\/\/www.hc.sk\/projekt\/noc-hudby\/\">&#8222;Noc hudby&#8220;\u00a0na n\u00e1dvor\u00ed Hudobn\u00e9ho centra<\/a><br \/>\n<strong>5. j\u00fal o 18.00<\/strong>\u00a0 \u00a0 \u00a0Oslava sv.Cyrila a Metoda v evanielickom kostole \/Senec<br \/>\n<strong>27. september o 21:00\u00a0<\/strong>\u00a0 34. ro\u010dn\u00edk Country ve\u010der \/Brezno<br \/>\n<strong>19. okt\u00f3ber o 18.00\u00a0<\/strong>&#8222;Pocta kontrabasu&#8220; \u00a0vo ve\u013ekej synag\u00f3ge \/Trnava, festival &#8222;hudba Trnave&#8220;<br \/>\n<strong><br \/>\n<\/strong><\/p>\n","protected":false},"excerpt":{"rendered":"<p>2015 marec-april -Koncert BassBand + Babjak-Topol\u010dianska hudobna jar (v jednan\u00ed) 20 &#8211; 24. apr\u00edl\u00a0&#8211;\u00a0nahr\u00e1vanie nov\u00e9ho CD \/ BassBand \/ 25.apr\u00edl &#8211;\u00a017:00 koncert kaffe\u00a0Schertz, Bratislava 2.m\u00e1j &#8211; 8.30- Ekumenicka om\u0161a -kostol sv.Mikulasa SC 2.m\u00e1j\u00a0&#8211;\u00a019:00.-Musica Perennis Iuventutis + Maria \u010cirov\u00e1 5.m\u00e1j &#8211; &hellip; <a href=\"https:\/\/www.slovakdoublebassclub.com\/SK\/koncerty-bassband\/\">Continued<\/a><\/p>\n","protected":false},"author":6,"featured_media":0,"parent":0,"menu_order":0,"comment_status":"closed","ping_status":"open","template":"page-sidebar.php","meta":{"ngg_post_thumbnail":0,"footnotes":""},"class_list":["post-1767","page","type-page","status-publish","hentry"],"_links":{"self":[{"href":"https:\/\/www.slovakdoublebassclub.com\/SK\/wp-json\/wp\/v2\/pages\/1767","targetHints":{"allow":["GET"]}}],"collection":[{"href":"https:\/\/www.slovakdoublebassclub.com\/SK\/wp-json\/wp\/v2\/pages"}],"about":[{"href":"https:\/\/www.slovakdoublebassclub.com\/SK\/wp-json\/wp\/v2\/types\/page"}],"author":[{"embeddable":true,"href":"https:\/\/www.slovakdoublebassclub.com\/SK\/wp-json\/wp\/v2\/users\/6"}],"replies":[{"embeddable":true,"href":"https:\/\/www.slovakdoublebassclub.com\/SK\/wp-json\/wp\/v2\/comments?post=1767"}],"version-history":[{"count":16,"href":"https:\/\/www.slovakdoublebassclub.com\/SK\/wp-json\/wp\/v2\/pages\/1767\/revisions"}],"predecessor-version":[{"id":3176,"href":"https:\/\/www.slovakdoublebassclub.com\/SK\/wp-json\/wp\/v2\/pages\/1767\/revisions\/3176"}],"wp:attachment":[{"href":"https:\/\/www.slovakdoublebassclub.com\/SK\/wp-json\/wp\/v2\/media?parent=1767"}],"curies":[{"name":"wp","href":"https:\/\/api.w.org\/{rel}","templated":true}]}}