{"id":2478,"date":"2014-09-08T21:57:35","date_gmt":"2014-09-08T19:57:35","guid":{"rendered":"http:\/\/www.slovakdoublebassclub.com\/?page_id=2478"},"modified":"2015-08-20T00:37:06","modified_gmt":"2015-08-19T22:37:06","slug":"bass-fest-2015","status":"publish","type":"page","link":"https:\/\/www.slovakdoublebassclub.com\/SK\/bass-fest-2015\/","title":{"rendered":"BASS FEST+ 2015 NEWS!!!"},"content":{"rendered":"Sr\u010fe\u010dne V\u00e1s poz\u00fdvame na <strong>6 ro\u010dn\u00edk medzin\u00e1rodn\u00fdch kurzov BASS FEST+ 2015<\/strong><\/p>\n<p><a href=\"http:\/\/www.slovakdoublebassclub.com\/wp-content\/uploads\/2012\/03\/BassFest2015_plagatFACEBOOK_.jpg\">bassfest+2015 poster<\/a><\/p>\n<p><a href=\"http:\/\/www.slovakdoublebassclub.com\/wp-content\/uploads\/2015\/08\/BassFest2015_plagatA4_PRINT.pdf\">bassfest+2015 A4print<\/a><\/p>\n<p><a href=\"http:\/\/www.slovakdoublebassclub.com\/wp-content\/uploads\/2014\/09\/IMG_231.jpg\"><img loading=\"lazy\" decoding=\"async\" class=\"alignnone size-medium wp-image-2611\" src=\"http:\/\/www.slovakdoublebassclub.com\/wp-content\/uploads\/2014\/09\/IMG_231-300x200.jpg\" alt=\"IMG_231\" width=\"300\" height=\"200\" srcset=\"https:\/\/www.slovakdoublebassclub.com\/wp-content\/uploads\/2014\/09\/IMG_231-300x200.jpg 300w, https:\/\/www.slovakdoublebassclub.com\/wp-content\/uploads\/2014\/09\/IMG_231-600x400.jpg 600w, https:\/\/www.slovakdoublebassclub.com\/wp-content\/uploads\/2014\/09\/IMG_231.jpg 1000w\" sizes=\"auto, (max-width: 300px) 100vw, 300px\" \/><\/a><\/p>\n<p><em>Kurzy s\u00fa ur\u010den\u00e9 pre n\u00e1stroje:<strong> Kontrabas,\u00a0+ Husle, Violu, Violon\u010delo, Klav\u00edr, flautu, klarinet, tr\u00fabku, organ, barokov\u00e9 husle \u010dembalo basov\u00fa gitaru<\/strong> a in\u00e9 n\u00e1stroje v oboroch: <strong>s\u00f3lov\u00e1 interpret\u00e1cia, orchestr\u00e1lna prax, komorn\u00e1 hudba, jazzov\u00e1 interpret\u00e1cia a improviz\u00e1cia, body &#038; mental training<\/strong> a \u010fal\u0161ie&#8230; Medzin\u00e1rodn\u00e9 kurzy s\u00fa ur\u010den\u00e9 pre <strong>\u017eiakov z\u00e1kladn\u00fdch umeleck\u00fdch \u0161k\u00f4l, \u0161tudentov konzervat\u00f3ri\u00ed, vysok\u00fdch umeleck\u00fdch \u0161k\u00f4l a univerz\u00edt<\/strong>. <strong>V\u0161etci \u00fa\u010dastn\u00edci<\/strong> ako i u\u010dite\u013eia a publikum <strong>s\u00fa v\u00edtan\u00ed<\/strong>. Viac inform\u00e1ci\u00ed o lektoroch a detailn\u00fd program u\u017e \u010doskoro&#8230; (t\u00edm SDBC)<\/em><\/p>\n<p><img loading=\"lazy\" decoding=\"async\" class=\"alignnone size-medium wp-image-2609\" src=\"http:\/\/www.slovakdoublebassclub.com\/wp-content\/uploads\/2014\/09\/IMG_291-300x200.jpg\" alt=\"IMG_291\" width=\"300\" height=\"200\" srcset=\"https:\/\/www.slovakdoublebassclub.com\/wp-content\/uploads\/2014\/09\/IMG_291-300x200.jpg 300w, https:\/\/www.slovakdoublebassclub.com\/wp-content\/uploads\/2014\/09\/IMG_291-600x400.jpg 600w, https:\/\/www.slovakdoublebassclub.com\/wp-content\/uploads\/2014\/09\/IMG_291.jpg 1000w\" sizes=\"auto, (max-width: 300px) 100vw, 300px\" \/><\/p>\n<p><strong><em>BASS FEST+ 2015 sa bude kona\u0165 v term\u00edne od 28. septembra do 2. okt\u00f3bra 2015\/ Akad\u00e9mia umen\u00ed v Banskej Bystrici<\/em><\/strong><\/p>\n<p><img loading=\"lazy\" decoding=\"async\" class=\"alignnone size-medium wp-image-2608\" src=\"http:\/\/www.slovakdoublebassclub.com\/wp-content\/uploads\/2014\/09\/IMG_558-300x200.jpg\" alt=\"IMG_558\" width=\"300\" height=\"200\" srcset=\"https:\/\/www.slovakdoublebassclub.com\/wp-content\/uploads\/2014\/09\/IMG_558-300x200.jpg 300w, https:\/\/www.slovakdoublebassclub.com\/wp-content\/uploads\/2014\/09\/IMG_558-600x400.jpg 600w, https:\/\/www.slovakdoublebassclub.com\/wp-content\/uploads\/2014\/09\/IMG_558.jpg 1000w\" sizes=\"auto, (max-width: 300px) 100vw, 300px\" \/><\/p>\n<p><strong>Projekt BASS FEST+2015<\/strong><\/p>\n<p style=\"text-align: justify;\"><strong>BASS FEST+ 2015<\/strong> je u\u017e \u0161iesty ro\u010dn\u00edk medzin\u00e1rodn\u00fdch interpreta\u010dn\u00fdch kurzov v\u00a0spojen\u00ed s\u00a0 <strong>predn\u00e1\u0161kami, semin\u00e1rmi<\/strong> a\u00a0odborn\u00fdmi stretnutiami a <strong>koncertmi.<\/strong> Nadv\u00e4zuje u\u017e na p\u00e4\u0165 \u00faspe\u0161n\u00fdch ro\u010dn\u00edkov kurzov, na ktor\u00fdch sa z\u00fa\u010dastnilo <strong>viac ako 250 \u00fa\u010dastn\u00edkov<\/strong> a\u00a0spolu viac ako <strong>100 lektorov<\/strong> z\u00a0<strong>15 kraj\u00edn Eur\u00f3py.<\/strong> Dom\u00e9nou kurzov a hlavnou ideou u\u017e od za\u010diatku nie s\u00fa len kontrabasov\u00e9 kurzy a teda jednostrann\u00e9 zameranie, ale ako je zn\u00e1zornen\u00e9 u\u017e v\u00a0jej logu znamienkom <strong>+<\/strong> d\u00f4le\u017eit\u00e9 je prepojenie s\u00a0\u010fal\u0161\u00edmi n\u00e1strojmi a \u201epartnermi\u201c na koncertn\u00fdch p\u00f3di\u00e1ch. Cie\u013eom je pouk\u00e1za\u0165 na <strong>potrebu vz\u00e1jomnej interakcie s\u00a0in\u00fdmi n\u00e1strojmi,\u00a0<\/strong>podporu vz\u00e1jomn\u00e9ho muzic\u00edrovania, d\u00f4le\u017eitos\u0165 vyu\u017eitia n\u00e1strojov v\u00a0<strong>s\u00f3lovej, komornej a\u00a0orchestr\u00e1lnej hre,<\/strong> ako i <strong>jazzovej hry<\/strong> a\u00a0improviz\u00e1cie. Ka\u017ed\u00fd ro\u010dn\u00edk prin\u00e1\u0161a mo\u017enos\u0165 prihl\u00e1si\u0165 sa na nov\u00e9 hudobn\u00e9 n\u00e1stroje. <strong>\u0160iesty ro\u010dn\u00edk<\/strong> <strong>BASS FEST+ 2015\u00a0<\/strong>bude obohaten\u00fd, oproti u\u017e osved\u010den\u00fdm n\u00e1strojom ako <strong>kontrabas, violon\u010delo, viola, husle, klav\u00edr,<\/strong> o\u00a0n\u00e1stroje ako: <strong>organ, \u010dembalo<\/strong>, <strong>flauta, klarinet, tr\u00fabka, barokov\u00e9 husle, lutna, barokov\u00e1 gitara,\u00a0basov\u00e1 gitara a bicie.<\/strong> Ka\u017ed\u00fd rok tak otv\u00e1ra <strong>nov\u00e9 mo\u017enosti pre nov\u00e9 n\u00e1strojov\u00e9 skupiny.<\/strong> Vytv\u00e1ra tak priestor, ako sa do projektu m\u00f4\u017eu zapoji\u0165 nov\u00ed z\u00e1ujemcovia kurzov. <strong>Cie\u013eom a\u00a0z\u00e1merom<\/strong> organiz\u00e1torov je <strong>obohacova\u0165 t\u00edm lektorov<\/strong> a\u00a0z\u00e1rove\u0148 zaisti\u0165 jej <strong>kvalitat\u00edvnu \u00farove\u0148,<\/strong> prin\u00e1\u0161a\u0165\u00a0<strong> flexibilitu<\/strong> a\u00a0<strong>kreat\u00edvnos\u0165<\/strong> do nov\u00fdch ro\u010dn\u00edkov.<\/p>\n<p style=\"text-align: justify;\">V\u00a0r\u00e1mci workshopov sa \u00fa\u010dastn\u00edci maj\u00fa mo\u017enos\u0165 z\u00fa\u010dastni\u0165 lekci\u00ed u\u00a0popredn\u00fdch pedag\u00f3gov z\u00a0vysok\u00fdch \u0161k\u00f4l zo <strong>Slovenska <\/strong>(Akad\u00e9mia Umen\u00ed v\u00a0Banskej Bystrici, V\u0160MU)<strong>, \u010ciech (<\/strong>JAMU Brno, AMU Praha), <strong>Po\u013eska (<\/strong>Akademia W. Lutoslavskiego Wroclaw), <strong>Nemecka (<\/strong>Robert Schumann Hochschule D\u00fcsseldorf, Hochshule f\u00fcr Musik und Theater M\u00fcnchen), <strong>\u0160vaj\u010diarska (<\/strong>Musikakademie Basel, Schola Cantorum Basiliensis &#8211; Basel) <strong>Franc\u00fazska (<\/strong>National Conservatory of Music of Paris), Anglicka (Birmingham Music Academy,) Rak\u00faska (Universit\u00e4t f\u00fcr Musik und darstellende Kunst Wien),<strong> Ruska (<\/strong>Moscow conservatory), <strong>Ma\u010farska (<\/strong>Ferenz Liszt Academy of music) a\u00a0i.<\/p>\n<hr \/>\n<p><a href=\"http:\/\/www.slovakdoublebassclub.com\/SK\/registracia\/\">inform\u00e1cie a kurzovn\u00e9 poplatky<\/a><\/p>\n<p><a href=\"http:\/\/www.slovakdoublebassclub.com\/SK\/registration\/\">online registr\u00e1cia<\/a><\/p>\n<p><a href=\"http:\/\/www.slovakdoublebassclub.com\/wp-content\/uploads\/2015\/08\/BassFest2015_concerts_plagatA2_NAHLAD-2.pdf\">CONCERTS BASS FEST+2015<\/a><\/p>\n<p style=\"text-align: justify;\">","protected":false},"excerpt":{"rendered":"<p>Sr\u010fe\u010dne V\u00e1s poz\u00fdvame na 6 ro\u010dn\u00edk medzin\u00e1rodn\u00fdch kurzov BASS FEST+ 2015 bassfest+2015 poster bassfest+2015 A4print Kurzy s\u00fa ur\u010den\u00e9 pre n\u00e1stroje: Kontrabas,\u00a0+ Husle, Violu, Violon\u010delo, Klav\u00edr, flautu, klarinet, tr\u00fabku, organ, barokov\u00e9 husle \u010dembalo basov\u00fa gitaru a in\u00e9 n\u00e1stroje v oboroch: s\u00f3lov\u00e1 &hellip; <a href=\"https:\/\/www.slovakdoublebassclub.com\/SK\/bass-fest-2015\/\">Continued<\/a><\/p>\n","protected":false},"author":5,"featured_media":3796,"parent":0,"menu_order":0,"comment_status":"closed","ping_status":"open","template":"","meta":{"ngg_post_thumbnail":0,"footnotes":""},"class_list":["post-2478","page","type-page","status-publish","has-post-thumbnail","hentry"],"_links":{"self":[{"href":"https:\/\/www.slovakdoublebassclub.com\/SK\/wp-json\/wp\/v2\/pages\/2478","targetHints":{"allow":["GET"]}}],"collection":[{"href":"https:\/\/www.slovakdoublebassclub.com\/SK\/wp-json\/wp\/v2\/pages"}],"about":[{"href":"https:\/\/www.slovakdoublebassclub.com\/SK\/wp-json\/wp\/v2\/types\/page"}],"author":[{"embeddable":true,"href":"https:\/\/www.slovakdoublebassclub.com\/SK\/wp-json\/wp\/v2\/users\/5"}],"replies":[{"embeddable":true,"href":"https:\/\/www.slovakdoublebassclub.com\/SK\/wp-json\/wp\/v2\/comments?post=2478"}],"version-history":[{"count":22,"href":"https:\/\/www.slovakdoublebassclub.com\/SK\/wp-json\/wp\/v2\/pages\/2478\/revisions"}],"predecessor-version":[{"id":3910,"href":"https:\/\/www.slovakdoublebassclub.com\/SK\/wp-json\/wp\/v2\/pages\/2478\/revisions\/3910"}],"wp:featuredmedia":[{"embeddable":true,"href":"https:\/\/www.slovakdoublebassclub.com\/SK\/wp-json\/wp\/v2\/media\/3796"}],"wp:attachment":[{"href":"https:\/\/www.slovakdoublebassclub.com\/SK\/wp-json\/wp\/v2\/media?parent=2478"}],"curies":[{"name":"wp","href":"https:\/\/api.w.org\/{rel}","templated":true}]}}