{"id":3390,"date":"2015-03-04T00:35:46","date_gmt":"2015-03-03T23:35:46","guid":{"rendered":"http:\/\/www.slovakdoublebassclub.com\/?page_id=3390"},"modified":"2015-03-04T00:35:46","modified_gmt":"2015-03-03T23:35:46","slug":"maria-barbara-willi","status":"publish","type":"page","link":"https:\/\/www.slovakdoublebassclub.com\/SK\/maria-barbara-willi\/","title":{"rendered":"Maria Barbara Willi"},"content":{"rendered":"<p style=\"text-align: center;\"><a href=\"http:\/\/www.slovakdoublebassclub.com\/wp-content\/uploads\/2015\/03\/Willi-Barbara-05Richard-Prochazka.jpg\"><img loading=\"lazy\" decoding=\"async\" class=\" wp-image-3391 aligncenter\" alt=\"Willi-Barbara-05[Richard-Prochazka]\" src=\"http:\/\/www.slovakdoublebassclub.com\/wp-content\/uploads\/2015\/03\/Willi-Barbara-05Richard-Prochazka.jpg\" width=\"225\" height=\"300\" srcset=\"https:\/\/www.slovakdoublebassclub.com\/wp-content\/uploads\/2015\/03\/Willi-Barbara-05Richard-Prochazka.jpg 375w, https:\/\/www.slovakdoublebassclub.com\/wp-content\/uploads\/2015\/03\/Willi-Barbara-05Richard-Prochazka-225x300.jpg 225w\" sizes=\"auto, (max-width: 225px) 100vw, 225px\" \/><\/a><\/p>\n<p style=\"text-align: justify;\">\u010cesko-n\u011bmeck\u00e1\u00a0<a title=\"Cembalo\" href=\"http:\/\/cs.wikipedia.org\/wiki\/Cembalo\">cembalistka<\/a>.\u00a0Studovala ve\u00a0<a title=\"Freiburg im Breisgau\" href=\"http:\/\/cs.wikipedia.org\/wiki\/Freiburg_im_Breisgau\">Freiburgu<\/a>\u00a0a\u00a0<a title=\"\u0160trasburk\" href=\"http:\/\/cs.wikipedia.org\/wiki\/%C5%A0trasburk\">\u0160trasburku<\/a>\u00a0&#8211; obory hra na cembalo,\u00a0<a title=\"Klad\u00edvkov\u00fd klav\u00edr (str\u00e1nka neexistuje)\" href=\"http:\/\/cs.wikipedia.org\/w\/index.php?title=Klad%C3%ADvkov%C3%BD_klav%C3%ADr&amp;action=edit&amp;redlink=1\">klad\u00edvkov\u00fd klav\u00edr<\/a>\u00a0a provozovac\u00ed praxe star\u00e9\u00a0<a title=\"Hudba\" href=\"http:\/\/cs.wikipedia.org\/wiki\/Hudba\">hudby<\/a>\u00a0na Mozarteu v\u00a0<a title=\"Salcburk\" href=\"http:\/\/cs.wikipedia.org\/wiki\/Salcburk\">Salcburku<\/a>\u00a0absolvovala v roce\u00a0<a title=\"1995\" href=\"http:\/\/cs.wikipedia.org\/wiki\/1995\">1995<\/a>. V t\u00e9m\u017ee roce z\u00edskala cenu \u201ePrix d\u2019encouragement &#8211; special mention\u201d v mezin\u00e1rodn\u00ed cembalov\u00e9 sout\u011b\u017ei v\u00a0<a title=\"Bruggy\" href=\"http:\/\/cs.wikipedia.org\/wiki\/Bruggy\">Brugg\u00e1ch<\/a>. V roce 2005 byla \u010dlenkou poroty Mezin\u00e1rodn\u00ed sout\u011b\u017ee v r\u00e1mci festivalu Pra\u017esk\u00e9 Jaro. v roce 2006 z\u00edskala doktorsk\u00fd titul na Filozofick\u00e9 fakult\u011b Masarykovy univerzity v Brn\u011b za svou pr\u00e1ci \u201eO stylu gener\u00e1ln\u00edho basu v 17. stolet\u00ed\u201c. Nyn\u00ed je profesorkou na\u00a0<a title=\"Jan\u00e1\u010dkova akademie m\u00fazick\u00fdch um\u011bn\u00ed v Brn\u011b\" href=\"http:\/\/cs.wikipedia.org\/wiki\/Jan%C3%A1%C4%8Dkova_akademie_m%C3%BAzick%C3%BDch_um%C4%9Bn%C3%AD_v_Brn%C4%9B\">Jan\u00e1\u010dkov\u011b akademii m\u00fazick\u00fdch um\u011bn\u00ed<\/a>\u00a0v\u00a0<a title=\"Brno\" href=\"http:\/\/cs.wikipedia.org\/wiki\/Brno\">Brn\u011b<\/a>. Jako\u00a0<a title=\"Dramaturg\" href=\"http:\/\/cs.wikipedia.org\/wiki\/Dramaturg\">dramaturgyn\u011b<\/a>\u00a0spolupracuje s festivalem\u00a0<a title=\"Concentus Moraviae\" href=\"http:\/\/cs.wikipedia.org\/wiki\/Concentus_Moraviae\">Concentus Moraviae<\/a>. P\u0159edn\u00ed cembalistka spolupracovala s um\u011blci jako nap\u0159\u00edklad\u00a0<a title=\"Magdalena Ko\u017een\u00e1\" href=\"http:\/\/cs.wikipedia.org\/wiki\/Magdalena_Ko%C5%BEen%C3%A1\">Magdalena Ko\u017een\u00e1<\/a>, Martina Jankov\u00e1, Erich Hoeprich, Doron Sherwin, Erich H\u00f6barth, Sergio Azzolini, Christian Leiterer ad. Barbara Maria Willi koncertuje na v\u00fdznamn\u00fdch p\u00f3di\u00edch jako nap\u0159\u00edklad v Curychsk\u00e9 ope\u0159e, ve v\u00edde\u0148sk\u00e9m Konzerthausu, ve filharmoni\u00edch v Krakov\u011b, Essenu, Wroclavi, na hrad\u011b v Bratislav\u011b, v pra\u017esk\u00e9m Rudolfinu. Zalo\u017eila Visegrad Baroque Orchestra a spolupracuje v duo B + J s fl\u00e9tnistkou Janou Semer\u00e1dovou. Jej\u00ed nahr\u00e1vky (\u201eIntrada di Polcinelli\u201c, \u201eSalve mater\u201c) z\u00edskaly \u010detn\u00e1 ocen\u011bn\u00ed (cena n\u011bmeck\u00e9 hudebn\u00ed kritiky, choc du monde de musique, CD m\u011bs\u00edce \u010dasopis\u016f Harmonie a Klassik heute). Televizn\u00ed p\u0159enos z\u00a0festivalu Concentus Moraviae, kde koncertovala spolu s\u00a0mezzosopranistkou Magdalenou Ko\u017eenou a kontratenorem Thierry Gr\u00e9goirem, byl ocen\u011bn presti\u017en\u00ed cenou za nejlep\u0161\u00ed z\u00e1znam koncertu na festivale Zlat\u00e1 Praha 2000. Pravideln\u011b tvo\u0159\u00ed dramaturgii Mezin\u00e1rodn\u00edho hudebn\u00edho festivalu Concentus Moraviae, kter\u00fd je v sou\u010dasn\u00e9 dob\u011b nejv\u011bt\u0161\u00ed akc\u00ed v\u00a0oblasti star\u00e9 hudby ve st\u0159edn\u00ed Evrop\u011b. Je autorkou gener\u00e1lbasov\u00e9 detektivky &#8222;Gener\u00e1lbas anebo kdo zavra\u017edil kontrapunkt?&#8220; (musica sacra, Brno 2010). Je obl\u00edben\u00fdm hostem televizn\u00edch po\u0159ad\u016f jako nap\u0159\u00edklad Noc s And\u011blem anebo Na plov\u00e1rn\u011b s Markem Ebenem. Spolu s\u00a0agenturou C.E.M.A. zalo\u017eila \u00fasp\u011b\u0161n\u00fd cyklus koncert\u016f star\u00e9 hudby v\u00a0Brn\u011b pod n\u00e1zvem Barbara Maria Willi uv\u00e1d\u00ed&#8230;<\/p>\n<p style=\"text-align: justify;\">V sou\u010dasn\u00e9 dob\u011b se v\u011bnuje tak\u00e9 interpretaci soudob\u00e9 hudby, mimo jin\u00e9 s Brno Contemporary Orchestra.<\/p>\n","protected":false},"excerpt":{"rendered":"<p>\u010cesko-n\u011bmeck\u00e1\u00a0cembalistka.\u00a0Studovala ve\u00a0Freiburgu\u00a0a\u00a0\u0160trasburku\u00a0&#8211; obory hra na cembalo,\u00a0klad\u00edvkov\u00fd klav\u00edr\u00a0a provozovac\u00ed praxe star\u00e9\u00a0hudby\u00a0na Mozarteu v\u00a0Salcburku\u00a0absolvovala v roce\u00a01995. V t\u00e9m\u017ee roce z\u00edskala cenu \u201ePrix d\u2019encouragement &#8211; special mention\u201d v mezin\u00e1rodn\u00ed cembalov\u00e9 sout\u011b\u017ei v\u00a0Brugg\u00e1ch. V roce 2005 byla \u010dlenkou poroty Mezin\u00e1rodn\u00ed sout\u011b\u017ee v r\u00e1mci festivalu &hellip; <a href=\"https:\/\/www.slovakdoublebassclub.com\/SK\/maria-barbara-willi\/\">Continued<\/a><\/p>\n","protected":false},"author":5,"featured_media":0,"parent":0,"menu_order":0,"comment_status":"closed","ping_status":"open","template":"","meta":{"ngg_post_thumbnail":0,"footnotes":""},"class_list":["post-3390","page","type-page","status-publish","hentry"],"_links":{"self":[{"href":"https:\/\/www.slovakdoublebassclub.com\/SK\/wp-json\/wp\/v2\/pages\/3390","targetHints":{"allow":["GET"]}}],"collection":[{"href":"https:\/\/www.slovakdoublebassclub.com\/SK\/wp-json\/wp\/v2\/pages"}],"about":[{"href":"https:\/\/www.slovakdoublebassclub.com\/SK\/wp-json\/wp\/v2\/types\/page"}],"author":[{"embeddable":true,"href":"https:\/\/www.slovakdoublebassclub.com\/SK\/wp-json\/wp\/v2\/users\/5"}],"replies":[{"embeddable":true,"href":"https:\/\/www.slovakdoublebassclub.com\/SK\/wp-json\/wp\/v2\/comments?post=3390"}],"version-history":[{"count":1,"href":"https:\/\/www.slovakdoublebassclub.com\/SK\/wp-json\/wp\/v2\/pages\/3390\/revisions"}],"predecessor-version":[{"id":3392,"href":"https:\/\/www.slovakdoublebassclub.com\/SK\/wp-json\/wp\/v2\/pages\/3390\/revisions\/3392"}],"wp:attachment":[{"href":"https:\/\/www.slovakdoublebassclub.com\/SK\/wp-json\/wp\/v2\/media?parent=3390"}],"curies":[{"name":"wp","href":"https:\/\/api.w.org\/{rel}","templated":true}]}}